{"id":158896,"date":"2025-09-23T09:25:44","date_gmt":"2025-09-23T07:25:44","guid":{"rendered":"https:\/\/www.groenesector.nl\/themen\/"},"modified":"2025-11-20T12:07:12","modified_gmt":"2025-11-20T11:07:12","slug":"themen","status":"publish","type":"page","link":"https:\/\/www.groenesector.nl\/de\/themen\/","title":{"rendered":"Themen"},"content":{"rendered":"\t\t<div data-elementor-type=\"wp-page\" data-elementor-id=\"158896\" class=\"elementor elementor-158896 elementor-128070\" data-elementor-post-type=\"page\">\n\t\t\t\t\t\t<section class=\"elementor-section elementor-top-section elementor-element elementor-element-ad3cc30 elementor-section-boxed elementor-section-height-default elementor-section-height-default\" data-id=\"ad3cc30\" data-element_type=\"section\">\n\t\t\t\t\t\t<div class=\"elementor-container elementor-column-gap-default\">\n\t\t\t\t\t<div class=\"elementor-column elementor-col-100 elementor-top-column elementor-element elementor-element-257f8b75\" data-id=\"257f8b75\" data-element_type=\"column\">\n\t\t\t<div class=\"elementor-widget-wrap elementor-element-populated\">\n\t\t\t\t\t\t<div class=\"elementor-element elementor-element-782ec73 elementor-widget elementor-widget-text-editor\" data-id=\"782ec73\" data-element_type=\"widget\" data-widget_type=\"text-editor.default\">\n\t\t\t\t<div class=\"elementor-widget-container\">\n\t\t\t\t\t\t\t\t\t<p data-start=\"37\" data-end=\"420\" data-is-last-node=\"\" data-is-only-node=\"\">Im Jahr 2026 steht die <strong data-start=\"60\" data-end=\"89\">De Groene Sector Vakbeurs<\/strong> erneut im Zeichen der drei bew\u00e4hrten Hauptthemen: <strong data-start=\"140\" data-end=\"170\">Garten- und Parkgestaltung<\/strong>, <strong data-start=\"172\" data-end=\"190\">Nachhaltigkeit<\/strong> und <strong data-start=\"195\" data-end=\"218\">Ausbildung &amp; Arbeit<\/strong>. Die Messe bietet eine inspirierende Plattform, auf der Fachleute zusammenkommen, um Wissen zu teilen und die neuesten Innovationen im Gr\u00fcnen Bereich zu entdecken. Erfahre mehr \u00fcber unsere Hauptthemen.<\/p>\t\t\t\t\t\t\t\t<\/div>\n\t\t\t\t<\/div>\n\t\t\t\t\t<\/div>\n\t\t<\/div>\n\t\t\t\t\t<\/div>\n\t\t<\/section>\n\t\t\t\t<section class=\"elementor-section elementor-top-section elementor-element elementor-element-2299670 elementor-section-boxed elementor-section-height-default elementor-section-height-default\" data-id=\"2299670\" data-element_type=\"section\">\n\t\t\t\t\t\t<div class=\"elementor-container elementor-column-gap-default\">\n\t\t\t\t\t<div class=\"elementor-column elementor-col-33 elementor-top-column elementor-element elementor-element-271438f\" data-id=\"271438f\" data-element_type=\"column\">\n\t\t\t<div class=\"elementor-widget-wrap elementor-element-populated\">\n\t\t\t\t\t\t<div class=\"elementor-element elementor-element-4081f79 elementor-widget elementor-widget-heading\" data-id=\"4081f79\" data-element_type=\"widget\" data-widget_type=\"heading.default\">\n\t\t\t\t<div class=\"elementor-widget-container\">\n\t\t\t\t\t<h2 class=\"elementor-heading-title elementor-size-default\">Nachhaltigkeit<\/h2>\t\t\t\t<\/div>\n\t\t\t\t<\/div>\n\t\t\t\t<div class=\"elementor-element elementor-element-ee53977 elementor-widget elementor-widget-image\" data-id=\"ee53977\" data-element_type=\"widget\" data-widget_type=\"image.default\">\n\t\t\t\t<div class=\"elementor-widget-container\">\n\t\t\t\t\t\t\t\t\t\t\t\t\t\t\t<img fetchpriority=\"high\" decoding=\"async\" width=\"800\" height=\"534\" src=\"https:\/\/easyfairsassets.com\/sites\/145\/2025\/08\/AdobeStock_1496915376_inzetbeeld-GSV-2026-1024x683.jpeg\" class=\"attachment-large size-large wp-image-155701\" alt=\"\" srcset=\"https:\/\/easyfairsassets.com\/sites\/145\/2025\/08\/AdobeStock_1496915376_inzetbeeld-GSV-2026-1024x683.jpeg 1024w, https:\/\/easyfairsassets.com\/sites\/145\/2025\/08\/AdobeStock_1496915376_inzetbeeld-GSV-2026-300x200.jpeg 300w, https:\/\/easyfairsassets.com\/sites\/145\/2025\/08\/AdobeStock_1496915376_inzetbeeld-GSV-2026-768x512.jpeg 768w, https:\/\/easyfairsassets.com\/sites\/145\/2025\/08\/AdobeStock_1496915376_inzetbeeld-GSV-2026-1536x1024.jpeg 1536w, https:\/\/easyfairsassets.com\/sites\/145\/2025\/08\/AdobeStock_1496915376_inzetbeeld-GSV-2026.jpeg 1920w\" sizes=\"(max-width: 800px) 100vw, 800px\" \/>\t\t\t\t\t\t\t\t\t\t\t\t\t\t\t<\/div>\n\t\t\t\t<\/div>\n\t\t\t\t<div class=\"elementor-element elementor-element-b319840 elementor-widget elementor-widget-text-editor\" data-id=\"b319840\" data-element_type=\"widget\" data-widget_type=\"text-editor.default\">\n\t\t\t\t<div class=\"elementor-widget-container\">\n\t\t\t\t\t\t\t\t\t<p>Nachhaltigkeit ist l\u00e4ngst keine optionale Erg\u00e4nzung mehr, sondern ein integraler Bestandteil der Gr\u00fcnbranche. Entdecke, wie nachhaltige Praktiken und Innovationen nicht nur die Umweltbelastung verringern, sondern auch wirtschaftliche Chancen schaffen und zum Wohl der Gesellschaft insgesamt beitragen.<\/p>\n\t\t\t\t\t\t\t\t<\/div>\n\t\t\t\t<\/div>\n\t\t\t\t<div class=\"elementor-element elementor-element-90a2c2d elementor-align-center elementor-widget elementor-widget-button\" data-id=\"90a2c2d\" data-element_type=\"widget\" data-widget_type=\"button.default\">\n\t\t\t\t<div class=\"elementor-widget-container\">\n\t\t\t\t\t\t\t\t\t<div class=\"elementor-button-wrapper\">\n\t\t\t\t\t<a class=\"elementor-button elementor-button-link elementor-size-lg\" href=\"https:\/\/www.groenesector.nl\/de\/der-nachhaltigkeitspark\/\">\n\t\t\t\t\t\t<span class=\"elementor-button-content-wrapper\">\n\t\t\t\t\t\t\t\t\t<span class=\"elementor-button-text\">Mehr Informationen<\/span>\n\t\t\t\t\t<\/span>\n\t\t\t\t\t<\/a>\n\t\t\t\t<\/div>\n\t\t\t\t\t\t\t\t<\/div>\n\t\t\t\t<\/div>\n\t\t\t\t\t<\/div>\n\t\t<\/div>\n\t\t\t\t<div class=\"elementor-column elementor-col-33 elementor-top-column elementor-element elementor-element-b5d9e07\" data-id=\"b5d9e07\" data-element_type=\"column\">\n\t\t\t<div class=\"elementor-widget-wrap elementor-element-populated\">\n\t\t\t\t\t\t<div class=\"elementor-element elementor-element-e302486 elementor-widget elementor-widget-heading\" data-id=\"e302486\" data-element_type=\"widget\" data-widget_type=\"heading.default\">\n\t\t\t\t<div class=\"elementor-widget-container\">\n\t\t\t\t\t<h2 class=\"elementor-heading-title elementor-size-default\">Garten- und Parkgestaltung<\/h2>\t\t\t\t<\/div>\n\t\t\t\t<\/div>\n\t\t\t\t<div class=\"elementor-element elementor-element-b522dee elementor-widget elementor-widget-image\" data-id=\"b522dee\" data-element_type=\"widget\" data-widget_type=\"image.default\">\n\t\t\t\t<div class=\"elementor-widget-container\">\n\t\t\t\t\t\t\t\t\t\t\t\t\t\t\t<img decoding=\"async\" width=\"800\" height=\"505\" src=\"https:\/\/easyfairsassets.com\/sites\/145\/2025\/08\/AdobeStock_89422436_inzetbeeld-GSV-2026-1024x647.jpeg\" class=\"attachment-large size-large wp-image-155689\" alt=\"\" srcset=\"https:\/\/easyfairsassets.com\/sites\/145\/2025\/08\/AdobeStock_89422436_inzetbeeld-GSV-2026-1024x647.jpeg 1024w, https:\/\/easyfairsassets.com\/sites\/145\/2025\/08\/AdobeStock_89422436_inzetbeeld-GSV-2026-300x190.jpeg 300w, https:\/\/easyfairsassets.com\/sites\/145\/2025\/08\/AdobeStock_89422436_inzetbeeld-GSV-2026-768x486.jpeg 768w, https:\/\/easyfairsassets.com\/sites\/145\/2025\/08\/AdobeStock_89422436_inzetbeeld-GSV-2026-1536x971.jpeg 1536w, https:\/\/easyfairsassets.com\/sites\/145\/2025\/08\/AdobeStock_89422436_inzetbeeld-GSV-2026.jpeg 1920w\" sizes=\"(max-width: 800px) 100vw, 800px\" \/>\t\t\t\t\t\t\t\t\t\t\t\t\t\t\t<\/div>\n\t\t\t\t<\/div>\n\t\t\t\t<div class=\"elementor-element elementor-element-ea019f3 elementor-widget elementor-widget-text-editor\" data-id=\"ea019f3\" data-element_type=\"widget\" data-widget_type=\"text-editor.default\">\n\t\t\t\t<div class=\"elementor-widget-container\">\n\t\t\t\t\t\t\t\t\t<p>In einer Welt, in der Gr\u00fcn immer mehr gesch\u00e4tzt wird, steigt der Bedarf an durchdachter und inspirierender Garten- und Parkgestaltung. Ob st\u00e4dtische Gr\u00fcnanlagen, Privatg\u00e4rten oder \u00f6ffentliche Parks \u2013 die Art und Weise, wie wir unsere Au\u00dfenr\u00e4ume gestalten, wirkt sich auf unser Wohlbefinden und die Lebensqualit\u00e4t aus.<\/p>\n\t\t\t\t\t\t\t\t<\/div>\n\t\t\t\t<\/div>\n\t\t\t\t<div class=\"elementor-element elementor-element-05890da elementor-align-center elementor-widget elementor-widget-button\" data-id=\"05890da\" data-element_type=\"widget\" data-widget_type=\"button.default\">\n\t\t\t\t<div class=\"elementor-widget-container\">\n\t\t\t\t\t\t\t\t\t<div class=\"elementor-button-wrapper\">\n\t\t\t\t\t<a class=\"elementor-button elementor-button-link elementor-size-lg\" href=\"https:\/\/www.groenesector.nl\/de\/garten-und-parkgestaltung\/\">\n\t\t\t\t\t\t<span class=\"elementor-button-content-wrapper\">\n\t\t\t\t\t\t\t\t\t<span class=\"elementor-button-text\">Mehr Informationen<\/span>\n\t\t\t\t\t<\/span>\n\t\t\t\t\t<\/a>\n\t\t\t\t<\/div>\n\t\t\t\t\t\t\t\t<\/div>\n\t\t\t\t<\/div>\n\t\t\t\t\t<\/div>\n\t\t<\/div>\n\t\t\t\t<div class=\"elementor-column elementor-col-33 elementor-top-column elementor-element elementor-element-a5b83ca\" data-id=\"a5b83ca\" data-element_type=\"column\">\n\t\t\t<div class=\"elementor-widget-wrap elementor-element-populated\">\n\t\t\t\t\t\t<div class=\"elementor-element elementor-element-0641039 elementor-widget elementor-widget-heading\" data-id=\"0641039\" data-element_type=\"widget\" data-widget_type=\"heading.default\">\n\t\t\t\t<div class=\"elementor-widget-container\">\n\t\t\t\t\t<h2 class=\"elementor-heading-title elementor-size-default\">Ausbildung &amp; Arbeit<\/h2>\t\t\t\t<\/div>\n\t\t\t\t<\/div>\n\t\t\t\t<div class=\"elementor-element elementor-element-b2015c0 elementor-widget elementor-widget-image\" data-id=\"b2015c0\" data-element_type=\"widget\" data-widget_type=\"image.default\">\n\t\t\t\t<div class=\"elementor-widget-container\">\n\t\t\t\t\t\t\t\t\t\t\t\t\t\t\t<img decoding=\"async\" width=\"768\" height=\"512\" src=\"https:\/\/easyfairsassets.com\/sites\/145\/2024\/01\/Seijbel-Photography-6226-768x512.jpg\" class=\"attachment-medium_large size-medium_large wp-image-123533\" alt=\"\" srcset=\"https:\/\/easyfairsassets.com\/sites\/145\/2024\/01\/Seijbel-Photography-6226-768x512.jpg 768w, https:\/\/easyfairsassets.com\/sites\/145\/2024\/01\/Seijbel-Photography-6226-300x200.jpg 300w, https:\/\/easyfairsassets.com\/sites\/145\/2024\/01\/Seijbel-Photography-6226-1024x683.jpg 1024w, https:\/\/easyfairsassets.com\/sites\/145\/2024\/01\/Seijbel-Photography-6226-1536x1024.jpg 1536w, https:\/\/easyfairsassets.com\/sites\/145\/2024\/01\/Seijbel-Photography-6226.jpg 1920w\" sizes=\"(max-width: 768px) 100vw, 768px\" \/>\t\t\t\t\t\t\t\t\t\t\t\t\t\t\t<\/div>\n\t\t\t\t<\/div>\n\t\t\t\t<div class=\"elementor-element elementor-element-912bee3 elementor-widget elementor-widget-text-editor\" data-id=\"912bee3\" data-element_type=\"widget\" data-widget_type=\"text-editor.default\">\n\t\t\t\t<div class=\"elementor-widget-container\">\n\t\t\t\t\t\t\t\t\t<p>Die G\u00e4rtnerbranche steht vor wichtigen Fragestellungen im Bereich Ausbildung und Arbeit. In einer Zeit, in der sich traditionelle Berufe ver\u00e4ndern und der Arbeitsmarkt im Wandel ist, sehen sich G\u00e4rtnerinnen und G\u00e4rtner Herausforderungen gegen\u00fcber, die ihr Berufsfeld beeinflussen.<\/p>\n\t\t\t\t\t\t\t\t<\/div>\n\t\t\t\t<\/div>\n\t\t\t\t<div class=\"elementor-element elementor-element-0bca320 elementor-align-center elementor-widget elementor-widget-button\" data-id=\"0bca320\" data-element_type=\"widget\" data-widget_type=\"button.default\">\n\t\t\t\t<div class=\"elementor-widget-container\">\n\t\t\t\t\t\t\t\t\t<div class=\"elementor-button-wrapper\">\n\t\t\t\t\t<a class=\"elementor-button elementor-button-link elementor-size-lg\" href=\"https:\/\/www.groenesector.nl\/de\/ausbildung-arbeit\/\">\n\t\t\t\t\t\t<span class=\"elementor-button-content-wrapper\">\n\t\t\t\t\t\t\t\t\t<span class=\"elementor-button-text\">Mehr Informationen<\/span>\n\t\t\t\t\t<\/span>\n\t\t\t\t\t<\/a>\n\t\t\t\t<\/div>\n\t\t\t\t\t\t\t\t<\/div>\n\t\t\t\t<\/div>\n\t\t\t\t\t<\/div>\n\t\t<\/div>\n\t\t\t\t\t<\/div>\n\t\t<\/section>\n\t\t\t\t<section class=\"elementor-section elementor-top-section elementor-element elementor-element-ea29d6a elementor-section-boxed elementor-section-height-default elementor-section-height-default\" data-id=\"ea29d6a\" data-element_type=\"section\">\n\t\t\t\t\t\t<div class=\"elementor-container elementor-column-gap-default\">\n\t\t\t\t\t<div class=\"elementor-column elementor-col-100 elementor-top-column elementor-element elementor-element-7538853\" data-id=\"7538853\" data-element_type=\"column\">\n\t\t\t<div class=\"elementor-widget-wrap elementor-element-populated\">\n\t\t\t\t\t\t<div class=\"elementor-element elementor-element-bed8e63 elementor-widget elementor-widget-spacer\" data-id=\"bed8e63\" data-element_type=\"widget\" data-widget_type=\"spacer.default\">\n\t\t\t\t<div class=\"elementor-widget-container\">\n\t\t\t\t\t\t\t<div class=\"elementor-spacer\">\n\t\t\t<div class=\"elementor-spacer-inner\"><\/div>\n\t\t<\/div>\n\t\t\t\t\t\t<\/div>\n\t\t\t\t<\/div>\n\t\t\t\t\t<\/div>\n\t\t<\/div>\n\t\t\t\t\t<\/div>\n\t\t<\/section>\n\t\t\t\t<\/div>\n\t\t","protected":false},"excerpt":{"rendered":"<p>Im Jahr 2026 steht die De Groene Sector Vakbeurs erneut im Zeichen der drei bew\u00e4hrten Hauptthemen: Garten- und Parkgestaltung, Nachhaltigkeit und Ausbildung &amp; Arbeit. Die Messe bietet eine inspirierende Plattform, auf der Fachleute zusammenkommen, um Wissen zu teilen und die neuesten Innovationen im Gr\u00fcnen Bereich zu entdecken. Erfahre mehr \u00fcber unsere Hauptthemen. Nachhaltigkeit Nachhaltigkeit ist [&hellip;]<\/p>\n","protected":false},"author":300,"featured_media":0,"parent":0,"menu_order":0,"comment_status":"closed","ping_status":"closed","template":"","meta":{"_seopress_robots_primary_cat":"","_seopress_titles_title":"Themen | De Groene Sector Vakbeurs 2026","_seopress_titles_desc":"Die Hauptthemen der De Groene Sector Vakbeurs 2026 sind Garten- und Parkgestaltung, Nachhaltigkeit, Ausbildung & Arbeit und der Garten der Zukunft.","_seopress_robots_index":"","_improvement_type_select":"improve_an_existing","_thumb_yes_seoaic":false,"_frame_yes_seoaic":false,"seoaic_generate_description":"","seoaic_improve_instructions_prompt":"","seoaic_rollback_content_improvement":"","seoaic_idea_thumbnail_generator":"","thumbnail_generated":false,"thumbnail_generate_prompt":"","seoaic_article_description":"","footnotes":""},"class_list":["post-158896","page","type-page","status-publish","hentry"],"_links":{"self":[{"href":"https:\/\/www.groenesector.nl\/wp-json\/wp\/v2\/pages\/158896","targetHints":{"allow":["GET"]}}],"collection":[{"href":"https:\/\/www.groenesector.nl\/wp-json\/wp\/v2\/pages"}],"about":[{"href":"https:\/\/www.groenesector.nl\/wp-json\/wp\/v2\/types\/page"}],"author":[{"embeddable":true,"href":"https:\/\/www.groenesector.nl\/wp-json\/wp\/v2\/users\/300"}],"replies":[{"embeddable":true,"href":"https:\/\/www.groenesector.nl\/wp-json\/wp\/v2\/comments?post=158896"}],"version-history":[{"count":5,"href":"https:\/\/www.groenesector.nl\/wp-json\/wp\/v2\/pages\/158896\/revisions"}],"predecessor-version":[{"id":168338,"href":"https:\/\/www.groenesector.nl\/wp-json\/wp\/v2\/pages\/158896\/revisions\/168338"}],"wp:attachment":[{"href":"https:\/\/www.groenesector.nl\/wp-json\/wp\/v2\/media?parent=158896"}],"curies":[{"name":"wp","href":"https:\/\/api.w.org\/{rel}","templated":true}]}}