{"id":158894,"date":"2025-09-23T09:21:26","date_gmt":"2025-09-23T07:21:26","guid":{"rendered":"https:\/\/www.groenesector.nl\/ausbildung-arbeit\/"},"modified":"2025-09-23T14:49:40","modified_gmt":"2025-09-23T12:49:40","slug":"ausbildung-arbeit","status":"publish","type":"page","link":"https:\/\/www.groenesector.nl\/de\/ausbildung-arbeit\/","title":{"rendered":"Ausbildung &#038; Arbeit"},"content":{"rendered":"\t\t<div data-elementor-type=\"wp-page\" data-elementor-id=\"158894\" class=\"elementor elementor-158894 elementor-128083\" data-elementor-post-type=\"page\">\n\t\t\t\t\t\t<section class=\"elementor-section elementor-top-section elementor-element elementor-element-2959665a elementor-section-boxed elementor-section-height-default elementor-section-height-default\" data-id=\"2959665a\" data-element_type=\"section\">\n\t\t\t\t\t\t<div class=\"elementor-container elementor-column-gap-default\">\n\t\t\t\t\t<div class=\"elementor-column elementor-col-100 elementor-top-column elementor-element elementor-element-3e8877a3\" data-id=\"3e8877a3\" data-element_type=\"column\">\n\t\t\t<div class=\"elementor-widget-wrap elementor-element-populated\">\n\t\t\t\t\t\t<div class=\"elementor-element elementor-element-2e2d692 elementor-widget elementor-widget-spacer\" data-id=\"2e2d692\" data-element_type=\"widget\" data-widget_type=\"spacer.default\">\n\t\t\t\t<div class=\"elementor-widget-container\">\n\t\t\t\t\t\t\t<div class=\"elementor-spacer\">\n\t\t\t<div class=\"elementor-spacer-inner\"><\/div>\n\t\t<\/div>\n\t\t\t\t\t\t<\/div>\n\t\t\t\t<\/div>\n\t\t\t\t<div class=\"elementor-element elementor-element-6d92fb6 elementor-hidden-mobile elementor-widget elementor-widget-heading\" data-id=\"6d92fb6\" data-element_type=\"widget\" data-widget_type=\"heading.default\">\n\t\t\t\t<div class=\"elementor-widget-container\">\n\t\t\t\t\t<h1 class=\"elementor-heading-title elementor-size-default\">Hauptthema: Ausbildung &amp; Arbeit<\/h1>\t\t\t\t<\/div>\n\t\t\t\t<\/div>\n\t\t\t\t<div class=\"elementor-element elementor-element-4589296 elementor-widget elementor-widget-spacer\" data-id=\"4589296\" data-element_type=\"widget\" data-widget_type=\"spacer.default\">\n\t\t\t\t<div class=\"elementor-widget-container\">\n\t\t\t\t\t\t\t<div class=\"elementor-spacer\">\n\t\t\t<div class=\"elementor-spacer-inner\"><\/div>\n\t\t<\/div>\n\t\t\t\t\t\t<\/div>\n\t\t\t\t<\/div>\n\t\t\t\t\t<\/div>\n\t\t<\/div>\n\t\t\t\t\t<\/div>\n\t\t<\/section>\n\t\t\t\t<section class=\"elementor-section elementor-top-section elementor-element elementor-element-36bac68 elementor-section-boxed elementor-section-height-default elementor-section-height-default\" data-id=\"36bac68\" data-element_type=\"section\">\n\t\t\t\t\t\t<div class=\"elementor-container elementor-column-gap-default\">\n\t\t\t\t\t<div class=\"elementor-column elementor-col-50 elementor-top-column elementor-element elementor-element-84beb9d\" data-id=\"84beb9d\" data-element_type=\"column\">\n\t\t\t<div class=\"elementor-widget-wrap elementor-element-populated\">\n\t\t\t\t\t\t<div class=\"elementor-element elementor-element-5862a75 elementor-widget elementor-widget-text-editor\" data-id=\"5862a75\" data-element_type=\"widget\" data-widget_type=\"text-editor.default\">\n\t\t\t\t<div class=\"elementor-widget-container\">\n\t\t\t\t\t\t\t\t\t<p>Im Jahr 2026 erh\u00e4lt das Thema <strong data-start=\"67\" data-end=\"90\">Ausbildung &amp; Arbeit<\/strong> einen wichtigen Platz auf der <strong data-start=\"121\" data-end=\"150\">De Groene Sector Vakbeurs<\/strong>. Studierende, Berufseinsteiger und Unternehmen treffen sich, um Wissen auszutauschen, Karrierem\u00f6glichkeiten zu erkunden und Inspiration f\u00fcr die Arbeit im Gr\u00fcnen zu sammeln. Es erwartet dich ein Programm, bei dem Praktika, Traineeships, innovative Projekte und Praxisberichte im Mittelpunkt stehen.<\/p>\n\t\t\t\t\t\t\t\t<\/div>\n\t\t\t\t<\/div>\n\t\t\t\t\t<\/div>\n\t\t<\/div>\n\t\t\t\t<div class=\"elementor-column elementor-col-50 elementor-top-column elementor-element elementor-element-1b24cc3\" data-id=\"1b24cc3\" data-element_type=\"column\">\n\t\t\t<div class=\"elementor-widget-wrap elementor-element-populated\">\n\t\t\t\t\t\t<div class=\"elementor-element elementor-element-c4a9a7e elementor-widget elementor-widget-image\" data-id=\"c4a9a7e\" data-element_type=\"widget\" data-widget_type=\"image.default\">\n\t\t\t\t<div class=\"elementor-widget-container\">\n\t\t\t\t\t\t\t\t\t\t\t\t\t\t\t<img fetchpriority=\"high\" decoding=\"async\" width=\"800\" height=\"534\" src=\"https:\/\/easyfairsassets.com\/sites\/145\/2025\/09\/Seijbel-Photography_GrSec_klein-178-1024x683.jpg\" class=\"attachment-large size-large wp-image-157552\" alt=\"\" srcset=\"https:\/\/easyfairsassets.com\/sites\/145\/2025\/09\/Seijbel-Photography_GrSec_klein-178-1024x683.jpg 1024w, https:\/\/easyfairsassets.com\/sites\/145\/2025\/09\/Seijbel-Photography_GrSec_klein-178-300x200.jpg 300w, https:\/\/easyfairsassets.com\/sites\/145\/2025\/09\/Seijbel-Photography_GrSec_klein-178-768x512.jpg 768w, https:\/\/easyfairsassets.com\/sites\/145\/2025\/09\/Seijbel-Photography_GrSec_klein-178-1536x1025.jpg 1536w, https:\/\/easyfairsassets.com\/sites\/145\/2025\/09\/Seijbel-Photography_GrSec_klein-178.jpg 1920w\" sizes=\"(max-width: 800px) 100vw, 800px\" \/>\t\t\t\t\t\t\t\t\t\t\t\t\t\t\t<\/div>\n\t\t\t\t<\/div>\n\t\t\t\t\t<\/div>\n\t\t<\/div>\n\t\t\t\t\t<\/div>\n\t\t<\/section>\n\t\t\t\t<section class=\"elementor-section elementor-top-section elementor-element elementor-element-a0a7665 elementor-section-boxed elementor-section-height-default elementor-section-height-default\" data-id=\"a0a7665\" data-element_type=\"section\" data-settings=\"{&quot;background_background&quot;:&quot;gradient&quot;}\">\n\t\t\t\t\t\t<div class=\"elementor-container elementor-column-gap-default\">\n\t\t\t\t\t<div class=\"elementor-column elementor-col-100 elementor-top-column elementor-element elementor-element-0da636f\" data-id=\"0da636f\" data-element_type=\"column\">\n\t\t\t<div class=\"elementor-widget-wrap elementor-element-populated\">\n\t\t\t\t\t\t<div class=\"elementor-element elementor-element-e7d6c49 elementor-widget elementor-widget-heading\" data-id=\"e7d6c49\" data-element_type=\"widget\" data-widget_type=\"heading.default\">\n\t\t\t\t<div class=\"elementor-widget-container\">\n\t\t\t\t\t<h2 class=\"elementor-heading-title elementor-size-default\">Nationaler G\u00e4rtnerwettbewerb<\/h2>\t\t\t\t<\/div>\n\t\t\t\t<\/div>\n\t\t\t\t\t<\/div>\n\t\t<\/div>\n\t\t\t\t\t<\/div>\n\t\t<\/section>\n\t\t\t\t<section class=\"elementor-section elementor-top-section elementor-element elementor-element-f4e8d03 elementor-section-boxed elementor-section-height-default elementor-section-height-default\" data-id=\"f4e8d03\" data-element_type=\"section\">\n\t\t\t\t\t\t<div class=\"elementor-container elementor-column-gap-default\">\n\t\t\t\t\t<div class=\"elementor-column elementor-col-100 elementor-top-column elementor-element elementor-element-362a504\" data-id=\"362a504\" data-element_type=\"column\">\n\t\t\t<div class=\"elementor-widget-wrap elementor-element-populated\">\n\t\t\t\t\t\t<div class=\"elementor-element elementor-element-b9205d9 elementor-widget elementor-widget-text-editor\" data-id=\"b9205d9\" data-element_type=\"widget\" data-widget_type=\"text-editor.default\">\n\t\t\t\t<div class=\"elementor-widget-container\">\n\t\t\t\t\t\t\t\t\t<hr data-start=\"32\" data-end=\"35\" \/><\/p>\n<p data-start=\"37\" data-end=\"418\">W\u00e4hrend der <strong data-start=\"49\" data-end=\"83\">De Groene Sector Vakbeurs 2026<\/strong> wird erneut der <strong data-start=\"100\" data-end=\"131\">Nationale G\u00e4rtnerwettbewerb<\/strong> veranstaltet. Im Jahr 2025 traten Teams von Aeres MBO, Scalda, Vonk und Curio Breda gegeneinander an. In nur drei Tagen verwandelten sie einen leeren Raum in komplette G\u00e4rten \u2013 mit Kreativit\u00e4t, handwerklichem K\u00f6nnen und innovativen L\u00f6sungen, die das Publikum nachhaltig beeindruckten.<\/p>\n<p><\/p>\n<p data-start=\"420\" data-end=\"668\">Auch 2026 zeigen junge G\u00e4rtnerinnen und G\u00e4rtner in Ausbildung, was sie draufhaben. Innerhalb von drei Tagen legen die Teams erneut einen vollst\u00e4ndigen Garten an und ber\u00fccksichtigen dabei die neuesten Innovationen und aktuellen Themen der Branche.<\/p>\n<p><\/p>\n<p data-start=\"670\" data-end=\"833\">Ein inspirierender Moment, um live zu sehen, wie die neue Generation die Zukunft der Garten- und Parkgestaltung gestaltet. Komm vorbei und lass dich inspirieren!<\/p>\n<p><\/p>\n<p data-start=\"835\" data-end=\"897\" data-is-only-node=\"\">\ud83d\udcc5 13., 14. &amp; 15. Januar 2025<br data-start=\"864\" data-end=\"867\" \/>\ud83d\udccd Evenementenhal Hardenberg<\/p>\n\t\t\t\t\t\t\t\t<\/div>\n\t\t\t\t<\/div>\n\t\t\t\t\t<\/div>\n\t\t<\/div>\n\t\t\t\t\t<\/div>\n\t\t<\/section>\n\t\t\t\t<section class=\"elementor-section elementor-top-section elementor-element elementor-element-4dde437 elementor-section-boxed elementor-section-height-default elementor-section-height-default\" data-id=\"4dde437\" data-element_type=\"section\">\n\t\t\t\t\t\t<div class=\"elementor-container elementor-column-gap-default\">\n\t\t\t\t\t<div class=\"elementor-column elementor-col-100 elementor-top-column elementor-element elementor-element-6b45f93\" data-id=\"6b45f93\" data-element_type=\"column\">\n\t\t\t<div class=\"elementor-widget-wrap elementor-element-populated\">\n\t\t\t\t\t\t<div class=\"elementor-element elementor-element-a46498b elementor-arrows-position-outside elementor-pagination-position-outside elementor-widget elementor-widget-image-carousel\" data-id=\"a46498b\" data-element_type=\"widget\" data-settings=\"{&quot;slides_to_show&quot;:&quot;3&quot;,&quot;navigation&quot;:&quot;both&quot;,&quot;autoplay&quot;:&quot;yes&quot;,&quot;pause_on_hover&quot;:&quot;yes&quot;,&quot;pause_on_interaction&quot;:&quot;yes&quot;,&quot;autoplay_speed&quot;:5000,&quot;infinite&quot;:&quot;yes&quot;,&quot;speed&quot;:500,&quot;image_spacing_custom&quot;:{&quot;unit&quot;:&quot;px&quot;,&quot;size&quot;:20,&quot;sizes&quot;:[]},&quot;image_spacing_custom_tablet&quot;:{&quot;unit&quot;:&quot;px&quot;,&quot;size&quot;:&quot;&quot;,&quot;sizes&quot;:[]},&quot;image_spacing_custom_mobile&quot;:{&quot;unit&quot;:&quot;px&quot;,&quot;size&quot;:&quot;&quot;,&quot;sizes&quot;:[]}}\" data-widget_type=\"image-carousel.default\">\n\t\t\t\t<div class=\"elementor-widget-container\">\n\t\t\t\t\t\t\t<div class=\"elementor-image-carousel-wrapper swiper\" role=\"region\" aria-roledescription=\"carousel\" aria-label=\"Carrousel afbeelding\" dir=\"ltr\">\n\t\t\t<div class=\"elementor-image-carousel swiper-wrapper\" aria-live=\"off\">\n\t\t\t\t\t\t\t\t<div class=\"swiper-slide\" role=\"group\" aria-roledescription=\"slide\" aria-label=\"1 of 10\"><figure class=\"swiper-slide-inner\"><img decoding=\"async\" class=\"swiper-slide-image\" src=\"https:\/\/easyfairsassets.com\/sites\/145\/2025\/09\/20250109_180554_GroeneSectorVB_KevinvlPhotography_DS203205-Enhanced-NR-LR.jpg\" alt=\"20250109_180554_GroeneSectorVB_KevinvlPhotography_DS203205-Enhanced-NR-LR\" \/><\/figure><\/div><div class=\"swiper-slide\" role=\"group\" aria-roledescription=\"slide\" aria-label=\"2 of 10\"><figure class=\"swiper-slide-inner\"><img decoding=\"async\" class=\"swiper-slide-image\" src=\"https:\/\/easyfairsassets.com\/sites\/145\/2025\/09\/20250109_173856_GroeneSectorVB_KevinvlPhotography_DS203178-Enhanced-NR-LR.jpg\" alt=\"20250109_173856_GroeneSectorVB_KevinvlPhotography_DS203178-Enhanced-NR-LR\" \/><\/figure><\/div><div class=\"swiper-slide\" role=\"group\" aria-roledescription=\"slide\" aria-label=\"3 of 10\"><figure class=\"swiper-slide-inner\"><img decoding=\"async\" class=\"swiper-slide-image\" src=\"https:\/\/easyfairsassets.com\/sites\/145\/2025\/09\/20250109_175827_GroeneSectorVB_KevinvlPhotography_DSC05067-Enhanced-NR-LR.jpg\" alt=\"20250109_175827_GroeneSectorVB_KevinvlPhotography_DSC05067-Enhanced-NR-LR\" \/><\/figure><\/div><div class=\"swiper-slide\" role=\"group\" aria-roledescription=\"slide\" aria-label=\"4 of 10\"><figure class=\"swiper-slide-inner\"><img decoding=\"async\" class=\"swiper-slide-image\" src=\"https:\/\/easyfairsassets.com\/sites\/145\/2025\/09\/20250109_174059_GroeneSectorVB_KevinvlPhotography_DS203188-Enhanced-NR-LR.jpg\" alt=\"20250109_174059_GroeneSectorVB_KevinvlPhotography_DS203188-Enhanced-NR-LR\" \/><\/figure><\/div><div class=\"swiper-slide\" role=\"group\" aria-roledescription=\"slide\" aria-label=\"5 of 10\"><figure class=\"swiper-slide-inner\"><img decoding=\"async\" class=\"swiper-slide-image\" src=\"https:\/\/easyfairsassets.com\/sites\/145\/2025\/09\/20250109_175948_GroeneSectorVB_KevinvlPhotography_DSC05075-Enhanced-NR-LR.jpg\" alt=\"20250109_175948_GroeneSectorVB_KevinvlPhotography_DSC05075-Enhanced-NR-LR\" \/><\/figure><\/div><div class=\"swiper-slide\" role=\"group\" aria-roledescription=\"slide\" aria-label=\"6 of 10\"><figure class=\"swiper-slide-inner\"><img decoding=\"async\" class=\"swiper-slide-image\" src=\"https:\/\/easyfairsassets.com\/sites\/145\/2025\/09\/20250109_202553_GroeneSectorVB_KevinvlPhotography_DSC05655-Enhanced-NR-LR.jpg\" alt=\"20250109_202553_GroeneSectorVB_KevinvlPhotography_DSC05655-Enhanced-NR-LR\" \/><\/figure><\/div><div class=\"swiper-slide\" role=\"group\" aria-roledescription=\"slide\" aria-label=\"7 of 10\"><figure class=\"swiper-slide-inner\"><img decoding=\"async\" class=\"swiper-slide-image\" src=\"https:\/\/easyfairsassets.com\/sites\/145\/2025\/09\/20250109_205244_GroeneSectorVB_KevinvlPhotography_DSC05698-Enhanced-NR-LR.jpg\" alt=\"20250109_205244_GroeneSectorVB_KevinvlPhotography_DSC05698-Enhanced-NR-LR\" \/><\/figure><\/div><div class=\"swiper-slide\" role=\"group\" aria-roledescription=\"slide\" aria-label=\"8 of 10\"><figure class=\"swiper-slide-inner\"><img decoding=\"async\" class=\"swiper-slide-image\" src=\"https:\/\/easyfairsassets.com\/sites\/145\/2025\/09\/20250109_211402_GroeneSectorVB_KevinvlPhotography_DSC05869-Enhanced-NR-LR.jpg\" alt=\"20250109_211402_GroeneSectorVB_KevinvlPhotography_DSC05869-Enhanced-NR-LR\" \/><\/figure><\/div><div class=\"swiper-slide\" role=\"group\" aria-roledescription=\"slide\" aria-label=\"9 of 10\"><figure class=\"swiper-slide-inner\"><img decoding=\"async\" class=\"swiper-slide-image\" src=\"https:\/\/easyfairsassets.com\/sites\/145\/2025\/09\/20250109_211517_GroeneSectorVB_KevinvlPhotography_DS203648-Enhanced-NR-LR.jpg\" alt=\"20250109_211517_GroeneSectorVB_KevinvlPhotography_DS203648-Enhanced-NR-LR\" \/><\/figure><\/div><div class=\"swiper-slide\" role=\"group\" aria-roledescription=\"slide\" aria-label=\"10 of 10\"><figure class=\"swiper-slide-inner\"><img decoding=\"async\" class=\"swiper-slide-image\" src=\"https:\/\/easyfairsassets.com\/sites\/145\/2025\/09\/20250109_211750_GroeneSectorVB_KevinvlPhotography_DSC05917-Enhanced-NR-LR.jpg\" alt=\"20250109_211750_GroeneSectorVB_KevinvlPhotography_DSC05917-Enhanced-NR-LR\" \/><\/figure><\/div>\t\t\t<\/div>\n\t\t\t\t\t\t\t\t\t\t\t\t<div class=\"elementor-swiper-button elementor-swiper-button-prev\" role=\"button\" tabindex=\"0\">\n\t\t\t\t\t\t<i aria-hidden=\"true\" class=\"eicon-chevron-left\"><\/i>\t\t\t\t\t<\/div>\n\t\t\t\t\t<div class=\"elementor-swiper-button elementor-swiper-button-next\" role=\"button\" tabindex=\"0\">\n\t\t\t\t\t\t<i aria-hidden=\"true\" class=\"eicon-chevron-right\"><\/i>\t\t\t\t\t<\/div>\n\t\t\t\t\n\t\t\t\t\t\t\t\t\t<div class=\"swiper-pagination\"><\/div>\n\t\t\t\t\t\t\t\t\t<\/div>\n\t\t\t\t\t\t<\/div>\n\t\t\t\t<\/div>\n\t\t\t\t\t<\/div>\n\t\t<\/div>\n\t\t\t\t\t<\/div>\n\t\t<\/section>\n\t\t\t\t<section class=\"elementor-section elementor-top-section elementor-element elementor-element-ee511a1 elementor-section-boxed elementor-section-height-default elementor-section-height-default\" data-id=\"ee511a1\" data-element_type=\"section\" data-settings=\"{&quot;background_background&quot;:&quot;gradient&quot;}\">\n\t\t\t\t\t\t<div class=\"elementor-container elementor-column-gap-default\">\n\t\t\t\t\t<div class=\"elementor-column elementor-col-100 elementor-top-column elementor-element elementor-element-83a0705\" data-id=\"83a0705\" data-element_type=\"column\">\n\t\t\t<div class=\"elementor-widget-wrap elementor-element-populated\">\n\t\t\t\t\t\t<div class=\"elementor-element elementor-element-346a7ab elementor-widget elementor-widget-heading\" data-id=\"346a7ab\" data-element_type=\"widget\" data-widget_type=\"heading.default\">\n\t\t\t\t<div class=\"elementor-widget-container\">\n\t\t\t\t\t<h2 class=\"elementor-heading-title elementor-size-default\">VHG Branchen-Ausbildung<\/h2>\t\t\t\t<\/div>\n\t\t\t\t<\/div>\n\t\t\t\t\t<\/div>\n\t\t<\/div>\n\t\t\t\t\t<\/div>\n\t\t<\/section>\n\t\t\t\t<section class=\"elementor-section elementor-top-section elementor-element elementor-element-9e6ea05 elementor-section-boxed elementor-section-height-default elementor-section-height-default\" data-id=\"9e6ea05\" data-element_type=\"section\">\n\t\t\t\t\t\t<div class=\"elementor-container elementor-column-gap-default\">\n\t\t\t\t\t<div class=\"elementor-column elementor-col-50 elementor-top-column elementor-element elementor-element-418bbdd\" data-id=\"418bbdd\" data-element_type=\"column\">\n\t\t\t<div class=\"elementor-widget-wrap elementor-element-populated\">\n\t\t\t\t\t\t<div class=\"elementor-element elementor-element-ee6424c elementor-widget elementor-widget-text-editor\" data-id=\"ee6424c\" data-element_type=\"widget\" data-widget_type=\"text-editor.default\">\n\t\t\t\t<div class=\"elementor-widget-container\">\n\t\t\t\t\t\t\t\t\t<p data-start=\"37\" data-end=\"267\">M\u00f6chtest du dich im G\u00e4rtnerberuf weiterentwickeln oder bist du neugierig auf die M\u00f6glichkeiten, in der Gr\u00fcnen Branche zu arbeiten? Besuche w\u00e4hrend der <strong data-start=\"188\" data-end=\"222\">De Groene Sector Vakbeurs 2026<\/strong> den Stand der <strong data-start=\"237\" data-end=\"264\">VHG Branchen-Ausbildung<\/strong>.<\/p>\n<p><\/p>\n<p data-start=\"269\" data-end=\"638\">Diese Ausbildung wurde speziell f\u00fcr Menschen entwickelt, die praxisnah lernen und sich zum (fachlich qualifizierten) G\u00e4rtner ausbilden lassen m\u00f6chten. Egal, ob du bereits im Gr\u00fcnen arbeitest oder als Quereinsteiger einen neuen Schritt wagen willst \u2013 die <strong data-start=\"523\" data-end=\"550\">VHG Branchen-Ausbildung<\/strong> bietet flexible Programme, die sich gut mit Beruf und Privatleben kombinieren lassen.<\/p>\n<p><\/p>\n<p data-start=\"640\" data-end=\"994\" data-is-last-node=\"\" data-is-only-node=\"\">Auf der Messe hast du die Gelegenheit, mit Ausbildern und ehemaligen Teilnehmern ins Gespr\u00e4ch zu kommen. Sie informieren dich \u00fcber die Inhalte der Ausbildung, die verschiedenen Niveaus und wie dich dieser Weg dabei unterst\u00fctzen kann, im Beruf weiterzukommen. Komm am Stand von <strong data-start=\"917\" data-end=\"924\">VHG<\/strong> vorbei und entdecke, wie du deine Zukunft im Gr\u00fcnen gestalten kannst!<\/p>\n\t\t\t\t\t\t\t\t<\/div>\n\t\t\t\t<\/div>\n\t\t\t\t\t<\/div>\n\t\t<\/div>\n\t\t\t\t<div class=\"elementor-column elementor-col-50 elementor-top-column elementor-element elementor-element-21a2fc4\" data-id=\"21a2fc4\" data-element_type=\"column\">\n\t\t\t<div class=\"elementor-widget-wrap elementor-element-populated\">\n\t\t\t\t\t\t<div class=\"elementor-element elementor-element-ee425a2 elementor-widget elementor-widget-image\" data-id=\"ee425a2\" data-element_type=\"widget\" data-widget_type=\"image.default\">\n\t\t\t\t<div class=\"elementor-widget-container\">\n\t\t\t\t\t\t\t\t\t\t\t\t\t\t\t<img decoding=\"async\" width=\"800\" height=\"534\" src=\"https:\/\/easyfairsassets.com\/sites\/145\/2025\/09\/20250109_185419_GroeneSectorVB_KevinvlPhotography_DSC05455-Enhanced-NR-LR-1024x683.jpg\" class=\"attachment-large size-large wp-image-157557\" alt=\"\" srcset=\"https:\/\/easyfairsassets.com\/sites\/145\/2025\/09\/20250109_185419_GroeneSectorVB_KevinvlPhotography_DSC05455-Enhanced-NR-LR-1024x683.jpg 1024w, https:\/\/easyfairsassets.com\/sites\/145\/2025\/09\/20250109_185419_GroeneSectorVB_KevinvlPhotography_DSC05455-Enhanced-NR-LR-300x200.jpg 300w, https:\/\/easyfairsassets.com\/sites\/145\/2025\/09\/20250109_185419_GroeneSectorVB_KevinvlPhotography_DSC05455-Enhanced-NR-LR-768x512.jpg 768w, https:\/\/easyfairsassets.com\/sites\/145\/2025\/09\/20250109_185419_GroeneSectorVB_KevinvlPhotography_DSC05455-Enhanced-NR-LR-1536x1024.jpg 1536w, https:\/\/easyfairsassets.com\/sites\/145\/2025\/09\/20250109_185419_GroeneSectorVB_KevinvlPhotography_DSC05455-Enhanced-NR-LR.jpg 1920w\" sizes=\"(max-width: 800px) 100vw, 800px\" \/>\t\t\t\t\t\t\t\t\t\t\t\t\t\t\t<\/div>\n\t\t\t\t<\/div>\n\t\t\t\t\t<\/div>\n\t\t<\/div>\n\t\t\t\t\t<\/div>\n\t\t<\/section>\n\t\t\t\t<\/div>\n\t\t","protected":false},"excerpt":{"rendered":"<p>Hauptthema: Ausbildung &amp; Arbeit Im Jahr 2026 erh\u00e4lt das Thema Ausbildung &amp; Arbeit einen wichtigen Platz auf der De Groene Sector Vakbeurs. Studierende, Berufseinsteiger und Unternehmen treffen sich, um Wissen auszutauschen, Karrierem\u00f6glichkeiten zu erkunden und Inspiration f\u00fcr die Arbeit im Gr\u00fcnen zu sammeln. Es erwartet dich ein Programm, bei dem Praktika, Traineeships, innovative Projekte und [&hellip;]<\/p>\n","protected":false},"author":300,"featured_media":0,"parent":0,"menu_order":0,"comment_status":"closed","ping_status":"closed","template":"","meta":{"_seopress_robots_primary_cat":"","_seopress_titles_title":"Ausbildung & Arbeit | De Groene Sector Vakbeurs 2026","_seopress_titles_desc":"Eines der Hauptthemen der De Groene Sector Vakbeurs ist Ausbildung & Arbeit.","_seopress_robots_index":"","_improvement_type_select":"improve_an_existing","_thumb_yes_seoaic":false,"_frame_yes_seoaic":false,"seoaic_generate_description":"","seoaic_improve_instructions_prompt":"","seoaic_rollback_content_improvement":"","seoaic_idea_thumbnail_generator":"","thumbnail_generated":false,"thumbnail_generate_prompt":"","seoaic_article_description":"","footnotes":""},"class_list":["post-158894","page","type-page","status-publish","hentry"],"_links":{"self":[{"href":"https:\/\/www.groenesector.nl\/wp-json\/wp\/v2\/pages\/158894","targetHints":{"allow":["GET"]}}],"collection":[{"href":"https:\/\/www.groenesector.nl\/wp-json\/wp\/v2\/pages"}],"about":[{"href":"https:\/\/www.groenesector.nl\/wp-json\/wp\/v2\/types\/page"}],"author":[{"embeddable":true,"href":"https:\/\/www.groenesector.nl\/wp-json\/wp\/v2\/users\/300"}],"replies":[{"embeddable":true,"href":"https:\/\/www.groenesector.nl\/wp-json\/wp\/v2\/comments?post=158894"}],"version-history":[{"count":2,"href":"https:\/\/www.groenesector.nl\/wp-json\/wp\/v2\/pages\/158894\/revisions"}],"predecessor-version":[{"id":158941,"href":"https:\/\/www.groenesector.nl\/wp-json\/wp\/v2\/pages\/158894\/revisions\/158941"}],"wp:attachment":[{"href":"https:\/\/www.groenesector.nl\/wp-json\/wp\/v2\/media?parent=158894"}],"curies":[{"name":"wp","href":"https:\/\/api.w.org\/{rel}","templated":true}]}}