{"id":158892,"date":"2025-09-23T09:16:41","date_gmt":"2025-09-23T07:16:41","guid":{"rendered":"https:\/\/www.groenesector.nl\/garten-und-parkgestaltung\/"},"modified":"2025-09-23T09:16:42","modified_gmt":"2025-09-23T07:16:42","slug":"garten-und-parkgestaltung","status":"publish","type":"page","link":"https:\/\/www.groenesector.nl\/de\/garten-und-parkgestaltung\/","title":{"rendered":"Garten- und Parkgestaltung"},"content":{"rendered":"\t\t<div data-elementor-type=\"wp-page\" data-elementor-id=\"158892\" class=\"elementor elementor-158892 elementor-128021\" data-elementor-post-type=\"page\">\n\t\t\t\t\t\t<section class=\"elementor-section elementor-top-section elementor-element elementor-element-7d116981 elementor-section-boxed elementor-section-height-default elementor-section-height-default\" data-id=\"7d116981\" data-element_type=\"section\" data-settings=\"{&quot;background_background&quot;:&quot;classic&quot;}\">\n\t\t\t\t\t\t<div class=\"elementor-container elementor-column-gap-default\">\n\t\t\t\t\t<div class=\"elementor-column elementor-col-100 elementor-top-column elementor-element elementor-element-676cc8ab\" data-id=\"676cc8ab\" data-element_type=\"column\">\n\t\t\t<div class=\"elementor-widget-wrap elementor-element-populated\">\n\t\t\t\t\t\t<div class=\"elementor-element elementor-element-35b377ae elementor-widget elementor-widget-spacer\" data-id=\"35b377ae\" data-element_type=\"widget\" data-widget_type=\"spacer.default\">\n\t\t\t\t<div class=\"elementor-widget-container\">\n\t\t\t\t\t\t\t<div class=\"elementor-spacer\">\n\t\t\t<div class=\"elementor-spacer-inner\"><\/div>\n\t\t<\/div>\n\t\t\t\t\t\t<\/div>\n\t\t\t\t<\/div>\n\t\t\t\t<div class=\"elementor-element elementor-element-3c358a91 elementor-hidden-mobile elementor-widget elementor-widget-heading\" data-id=\"3c358a91\" data-element_type=\"widget\" data-widget_type=\"heading.default\">\n\t\t\t\t<div class=\"elementor-widget-container\">\n\t\t\t\t\t<h1 class=\"elementor-heading-title elementor-size-default\">Hauptthema: Garten- und Parkgestaltung<\/h1>\t\t\t\t<\/div>\n\t\t\t\t<\/div>\n\t\t\t\t<div class=\"elementor-element elementor-element-30822fd elementor-hidden-desktop elementor-hidden-tablet elementor-widget elementor-widget-heading\" data-id=\"30822fd\" data-element_type=\"widget\" data-widget_type=\"heading.default\">\n\t\t\t\t<div class=\"elementor-widget-container\">\n\t\t\t\t\t<h1 class=\"elementor-heading-title elementor-size-default\">Hauptthema: Garten- und Parkgestaltung<\/h1>\t\t\t\t<\/div>\n\t\t\t\t<\/div>\n\t\t\t\t\t<\/div>\n\t\t<\/div>\n\t\t\t\t\t<\/div>\n\t\t<\/section>\n\t\t\t\t<section class=\"elementor-section elementor-top-section elementor-element elementor-element-7334befb elementor-section-boxed elementor-section-height-default elementor-section-height-default\" data-id=\"7334befb\" data-element_type=\"section\">\n\t\t\t\t\t\t<div class=\"elementor-container elementor-column-gap-default\">\n\t\t\t\t\t<div class=\"elementor-column elementor-col-50 elementor-top-column elementor-element elementor-element-6a7662c1\" data-id=\"6a7662c1\" data-element_type=\"column\">\n\t\t\t<div class=\"elementor-widget-wrap elementor-element-populated\">\n\t\t\t\t\t\t<div class=\"elementor-element elementor-element-55532e7f elementor-widget__width-initial elementor-widget elementor-widget-text-editor\" data-id=\"55532e7f\" data-element_type=\"widget\" data-widget_type=\"text-editor.default\">\n\t\t\t\t<div class=\"elementor-widget-container\">\n\t\t\t\t\t\t\t\t\t<p data-start=\"89\" data-end=\"403\">In einer Welt, in der Gr\u00fcn immer mehr gesch\u00e4tzt wird, ist der Bedarf an durchdachter und inspirierender <strong>Garten- und Parkgestaltung<\/strong> gr\u00f6\u00dfer denn je. Ob st\u00e4dtisches Gr\u00fcn, private G\u00e4rten oder \u00f6ffentliche Parks \u2013 die Gestaltung unserer Au\u00dfenr\u00e4ume tr\u00e4gt entscheidend zu unserem Wohlbefinden und zur Lebensqualit\u00e4t bei.<\/p>\n<p><\/p>\n<p data-start=\"405\" data-end=\"819\">F\u00fcr dich als Gr\u00fcnprofi ist es unverzichtbar, \u00fcber die neuesten Trends, Innovationen und Techniken informiert zu bleiben. Auf der De Groene Sector Vakbeurs entdeckst du ein umfassendes Angebot an Ausstellern, die ihre neuesten Produkte, Technologien und Dienstleistungen pr\u00e4sentieren. Von Landschaftsarchitektur \u00fcber Gartenm\u00f6bel bis hin zu Bepflanzungskonzepten und nachhaltigen Materialien \u2013 alles ist dabei.<\/p>\n<p><\/p>\n<p data-start=\"821\" data-end=\"1185\">Au\u00dferdem findet im Vorfeld der Messe eine Reihe von Wissenssessions statt, die tiefere Einblicke in die Hauptthemen geben. Diese Sessions sind speziell darauf ausgelegt, dein Wissen zu erweitern und dir praktische Werkzeuge f\u00fcr deine Projekte an die Hand zu geben. Das vollst\u00e4ndige Programm dieser Wissenssessions wird zu einem sp\u00e4teren Zeitpunkt bekanntgegeben.<\/p>\n\t\t\t\t\t\t\t\t<\/div>\n\t\t\t\t<\/div>\n\t\t\t\t\t<\/div>\n\t\t<\/div>\n\t\t\t\t<div class=\"elementor-column elementor-col-50 elementor-top-column elementor-element elementor-element-29267a9d\" data-id=\"29267a9d\" data-element_type=\"column\">\n\t\t\t<div class=\"elementor-widget-wrap elementor-element-populated\">\n\t\t\t\t\t\t<div class=\"elementor-element elementor-element-3d46c5da elementor-widget elementor-widget-image-carousel\" data-id=\"3d46c5da\" data-element_type=\"widget\" data-settings=\"{&quot;slides_to_show&quot;:&quot;1&quot;,&quot;navigation&quot;:&quot;none&quot;,&quot;pause_on_hover&quot;:&quot;no&quot;,&quot;pause_on_interaction&quot;:&quot;no&quot;,&quot;autoplay_speed&quot;:2000,&quot;effect&quot;:&quot;fade&quot;,&quot;autoplay&quot;:&quot;yes&quot;,&quot;infinite&quot;:&quot;yes&quot;,&quot;speed&quot;:500}\" data-widget_type=\"image-carousel.default\">\n\t\t\t\t<div class=\"elementor-widget-container\">\n\t\t\t\t\t\t\t<div class=\"elementor-image-carousel-wrapper swiper\" role=\"region\" aria-roledescription=\"carousel\" aria-label=\"Image Carousel\" dir=\"ltr\">\n\t\t\t<div class=\"elementor-image-carousel swiper-wrapper\" aria-live=\"off\">\n\t\t\t\t\t\t\t\t<div class=\"swiper-slide\" role=\"group\" aria-roledescription=\"slide\" aria-label=\"1 of 4\"><figure class=\"swiper-slide-inner\"><img decoding=\"async\" class=\"swiper-slide-image\" src=\"https:\/\/easyfairsassets.com\/sites\/145\/elementor\/thumbs\/Seijbel-Photography_GrSec_klein-119-rb7ljhhqtpsyq7ope10h87wda802bcr2gtqg6lqjl8.jpg\" alt=\"Seijbel Photography_GrSec_klein--119\" \/><\/figure><\/div><div class=\"swiper-slide\" role=\"group\" aria-roledescription=\"slide\" aria-label=\"2 of 4\"><figure class=\"swiper-slide-inner\"><img decoding=\"async\" class=\"swiper-slide-image\" src=\"https:\/\/easyfairsassets.com\/sites\/145\/elementor\/thumbs\/20250109_195431_GroeneSectorVB_KevinvlPhotography_DSC05622-Enhanced-NR-LR-rb7lfdx30q6y3fn2br81ur500q7fqvh7kjb7u5tcq4.jpg\" alt=\"20250109_195431_GroeneSectorVB_KevinvlPhotography_DSC05622-Enhanced-NR-LR\" \/><\/figure><\/div><div class=\"swiper-slide\" role=\"group\" aria-roledescription=\"slide\" aria-label=\"3 of 4\"><figure class=\"swiper-slide-inner\"><img decoding=\"async\" class=\"swiper-slide-image\" src=\"https:\/\/easyfairsassets.com\/sites\/145\/elementor\/thumbs\/20250109_183455_GroeneSectorVB_KevinvlPhotography_DSC05286-Enhanced-NR-LR-rb7lg9vlh3ep26cn551d7j2o7ttx0l030xhq5khyuk.jpg\" alt=\"20250109_183455_GroeneSectorVB_KevinvlPhotography_DSC05286-Enhanced-NR-LR\" \/><\/figure><\/div><div class=\"swiper-slide\" role=\"group\" aria-roledescription=\"slide\" aria-label=\"4 of 4\"><figure class=\"swiper-slide-inner\"><img decoding=\"async\" class=\"swiper-slide-image\" src=\"https:\/\/easyfairsassets.com\/sites\/145\/elementor\/thumbs\/Seijbel-Photography_GrSec_klein-154-rb7lm94my5lcwvnz882xkir892cyz9qm6ivx1xmt9o.jpg\" alt=\"Seijbel Photography_GrSec_klein--154\" \/><\/figure><\/div>\t\t\t<\/div>\n\t\t\t\t\t\t\t\n\t\t\t\t\t\t\t\t\t<\/div>\n\t\t\t\t\t\t<\/div>\n\t\t\t\t<\/div>\n\t\t\t\t\t<\/div>\n\t\t<\/div>\n\t\t\t\t\t<\/div>\n\t\t<\/section>\n\t\t\t\t<section class=\"elementor-section elementor-top-section elementor-element elementor-element-213ae4aa elementor-section-boxed elementor-section-height-default elementor-section-height-default\" data-id=\"213ae4aa\" data-element_type=\"section\" data-settings=\"{&quot;background_background&quot;:&quot;gradient&quot;}\">\n\t\t\t\t\t\t<div class=\"elementor-container elementor-column-gap-default\">\n\t\t\t\t\t<div class=\"elementor-column elementor-col-100 elementor-top-column elementor-element elementor-element-77e58827\" data-id=\"77e58827\" data-element_type=\"column\">\n\t\t\t<div class=\"elementor-widget-wrap elementor-element-populated\">\n\t\t\t\t\t\t<div class=\"elementor-element elementor-element-3d517a5f elementor-widget elementor-widget-heading\" data-id=\"3d517a5f\" data-element_type=\"widget\" data-widget_type=\"heading.default\">\n\t\t\t\t<div class=\"elementor-widget-container\">\n\t\t\t\t\t<h2 class=\"elementor-heading-title elementor-size-default\">Trends in der Garten- und Parkgestaltung<\/h2>\t\t\t\t<\/div>\n\t\t\t\t<\/div>\n\t\t\t\t\t<\/div>\n\t\t<\/div>\n\t\t\t\t\t<\/div>\n\t\t<\/section>\n\t\t\t\t<section class=\"elementor-section elementor-top-section elementor-element elementor-element-c69d478 elementor-section-boxed elementor-section-height-default elementor-section-height-default\" data-id=\"c69d478\" data-element_type=\"section\">\n\t\t\t\t\t\t<div class=\"elementor-container elementor-column-gap-default\">\n\t\t\t\t\t<div class=\"elementor-column elementor-col-50 elementor-top-column elementor-element elementor-element-7e32e00\" data-id=\"7e32e00\" data-element_type=\"column\">\n\t\t\t<div class=\"elementor-widget-wrap elementor-element-populated\">\n\t\t\t\t\t\t<div class=\"elementor-element elementor-element-60f186e elementor-widget__width-initial elementor-hidden-mobile elementor-widget elementor-widget-image\" data-id=\"60f186e\" data-element_type=\"widget\" data-widget_type=\"image.default\">\n\t\t\t\t<div class=\"elementor-widget-container\">\n\t\t\t\t\t\t\t\t\t\t\t\t\t\t\t<img fetchpriority=\"high\" decoding=\"async\" width=\"800\" height=\"564\" src=\"https:\/\/easyfairsassets.com\/sites\/145\/2024\/05\/Exposanten-welkom-De-Groene-Sector-1-1024x722.png\" class=\"attachment-large size-large wp-image-128031\" alt=\"\" srcset=\"https:\/\/easyfairsassets.com\/sites\/145\/2024\/05\/Exposanten-welkom-De-Groene-Sector-1-1024x722.png 1024w, https:\/\/easyfairsassets.com\/sites\/145\/2024\/05\/Exposanten-welkom-De-Groene-Sector-1-300x211.png 300w, https:\/\/easyfairsassets.com\/sites\/145\/2024\/05\/Exposanten-welkom-De-Groene-Sector-1-768x541.png 768w, https:\/\/easyfairsassets.com\/sites\/145\/2024\/05\/Exposanten-welkom-De-Groene-Sector-1.png 1240w\" sizes=\"(max-width: 800px) 100vw, 800px\" \/>\t\t\t\t\t\t\t\t\t\t\t\t\t\t\t<\/div>\n\t\t\t\t<\/div>\n\t\t\t\t\t<\/div>\n\t\t<\/div>\n\t\t\t\t<div class=\"elementor-column elementor-col-50 elementor-top-column elementor-element elementor-element-5bf5481\" data-id=\"5bf5481\" data-element_type=\"column\">\n\t\t\t<div class=\"elementor-widget-wrap elementor-element-populated\">\n\t\t\t\t\t\t<div class=\"elementor-element elementor-element-2721843 elementor-widget__width-initial elementor-widget elementor-widget-text-editor\" data-id=\"2721843\" data-element_type=\"widget\" data-widget_type=\"text-editor.default\">\n\t\t\t\t<div class=\"elementor-widget-container\">\n\t\t\t\t\t\t\t\t\t<hr data-start=\"32\" data-end=\"35\" \/><\/p>\n<p data-start=\"37\" data-end=\"364\"><strong data-start=\"37\" data-end=\"80\">Nat\u00fcrliche und nachhaltige Materialien:<\/strong> In einer Zeit, in der Nachhaltigkeit im Mittelpunkt steht, w\u00e4chst die Nachfrage nach Materialien, die sowohl \u00e4sthetisch ansprechend als auch umweltfreundlich sind. Dazu z\u00e4hlen recycelte Materialien, Naturstein, Holz aus nachhaltig bewirtschafteten W\u00e4ldern und lokale Pflanzenarten.<\/p>\n\t\t\t\t\t\t\t\t<\/div>\n\t\t\t\t<\/div>\n\t\t\t\t\t<\/div>\n\t\t<\/div>\n\t\t\t\t\t<\/div>\n\t\t<\/section>\n\t\t\t\t<section class=\"elementor-section elementor-top-section elementor-element elementor-element-b57118a elementor-section-boxed elementor-section-height-default elementor-section-height-default\" data-id=\"b57118a\" data-element_type=\"section\">\n\t\t\t\t\t\t<div class=\"elementor-container elementor-column-gap-default\">\n\t\t\t\t\t<div class=\"elementor-column elementor-col-50 elementor-top-column elementor-element elementor-element-b08cb4b\" data-id=\"b08cb4b\" data-element_type=\"column\">\n\t\t\t<div class=\"elementor-widget-wrap elementor-element-populated\">\n\t\t\t\t\t\t<div class=\"elementor-element elementor-element-f7ad4ee elementor-widget elementor-widget-text-editor\" data-id=\"f7ad4ee\" data-element_type=\"widget\" data-widget_type=\"text-editor.default\">\n\t\t\t\t<div class=\"elementor-widget-container\">\n\t\t\t\t\t\t\t\t\t<p><strong data-start=\"37\" data-end=\"69\">F\u00f6rderung der Biodiversit\u00e4t:<\/strong> G\u00e4rten und Parks werden zunehmend als wichtige Lebensr\u00e4ume f\u00fcr Flora und Fauna betrachtet. Durch die Integration einheimischer Pflanzenarten, die Einrichtung von Insektenhotels und die Bewahrung nat\u00fcrlicher Elemente k\u00f6nnen Gr\u00fcnanlagen zum Erhalt der Biodiversit\u00e4t beitragen.<\/p>\n\t\t\t\t\t\t\t\t<\/div>\n\t\t\t\t<\/div>\n\t\t\t\t\t<\/div>\n\t\t<\/div>\n\t\t\t\t<div class=\"elementor-column elementor-col-50 elementor-top-column elementor-element elementor-element-260b746\" data-id=\"260b746\" data-element_type=\"column\">\n\t\t\t<div class=\"elementor-widget-wrap elementor-element-populated\">\n\t\t\t\t\t\t<div class=\"elementor-element elementor-element-7ac37bb elementor-widget__width-initial elementor-hidden-mobile elementor-widget elementor-widget-image\" data-id=\"7ac37bb\" data-element_type=\"widget\" data-widget_type=\"image.default\">\n\t\t\t\t<div class=\"elementor-widget-container\">\n\t\t\t\t\t\t\t\t\t\t\t\t\t\t\t<img decoding=\"async\" width=\"800\" height=\"564\" src=\"https:\/\/easyfairsassets.com\/sites\/145\/2024\/05\/Exposanten-welkom-De-Groene-Sector-1024x722.png\" class=\"attachment-large size-large wp-image-128029\" alt=\"\" srcset=\"https:\/\/easyfairsassets.com\/sites\/145\/2024\/05\/Exposanten-welkom-De-Groene-Sector-1024x722.png 1024w, https:\/\/easyfairsassets.com\/sites\/145\/2024\/05\/Exposanten-welkom-De-Groene-Sector-300x211.png 300w, https:\/\/easyfairsassets.com\/sites\/145\/2024\/05\/Exposanten-welkom-De-Groene-Sector-768x541.png 768w, https:\/\/easyfairsassets.com\/sites\/145\/2024\/05\/Exposanten-welkom-De-Groene-Sector.png 1240w\" sizes=\"(max-width: 800px) 100vw, 800px\" \/>\t\t\t\t\t\t\t\t\t\t\t\t\t\t\t<\/div>\n\t\t\t\t<\/div>\n\t\t\t\t\t<\/div>\n\t\t<\/div>\n\t\t\t\t\t<\/div>\n\t\t<\/section>\n\t\t\t\t<section class=\"elementor-section elementor-top-section elementor-element elementor-element-89be5dd elementor-section-boxed elementor-section-height-default elementor-section-height-default\" data-id=\"89be5dd\" data-element_type=\"section\">\n\t\t\t\t\t\t<div class=\"elementor-container elementor-column-gap-default\">\n\t\t\t\t\t<div class=\"elementor-column elementor-col-50 elementor-top-column elementor-element elementor-element-ff36072\" data-id=\"ff36072\" data-element_type=\"column\">\n\t\t\t<div class=\"elementor-widget-wrap elementor-element-populated\">\n\t\t\t\t\t\t<div class=\"elementor-element elementor-element-d8ffe1f elementor-widget__width-initial elementor-hidden-mobile elementor-widget elementor-widget-image\" data-id=\"d8ffe1f\" data-element_type=\"widget\" data-widget_type=\"image.default\">\n\t\t\t\t<div class=\"elementor-widget-container\">\n\t\t\t\t\t\t\t\t\t\t\t\t\t\t\t<img decoding=\"async\" width=\"800\" height=\"564\" src=\"https:\/\/easyfairsassets.com\/sites\/145\/2024\/05\/Exposanten-welkom-De-Groene-Sector-2-1024x722.png\" class=\"attachment-large size-large wp-image-128033\" alt=\"\" srcset=\"https:\/\/easyfairsassets.com\/sites\/145\/2024\/05\/Exposanten-welkom-De-Groene-Sector-2-1024x722.png 1024w, https:\/\/easyfairsassets.com\/sites\/145\/2024\/05\/Exposanten-welkom-De-Groene-Sector-2-300x211.png 300w, https:\/\/easyfairsassets.com\/sites\/145\/2024\/05\/Exposanten-welkom-De-Groene-Sector-2-768x541.png 768w, https:\/\/easyfairsassets.com\/sites\/145\/2024\/05\/Exposanten-welkom-De-Groene-Sector-2.png 1240w\" sizes=\"(max-width: 800px) 100vw, 800px\" \/>\t\t\t\t\t\t\t\t\t\t\t\t\t\t\t<\/div>\n\t\t\t\t<\/div>\n\t\t\t\t\t<\/div>\n\t\t<\/div>\n\t\t\t\t<div class=\"elementor-column elementor-col-50 elementor-top-column elementor-element elementor-element-91f4957\" data-id=\"91f4957\" data-element_type=\"column\">\n\t\t\t<div class=\"elementor-widget-wrap elementor-element-populated\">\n\t\t\t\t\t\t<div class=\"elementor-element elementor-element-ff50037 elementor-widget elementor-widget-text-editor\" data-id=\"ff50037\" data-element_type=\"widget\" data-widget_type=\"text-editor.default\">\n\t\t\t\t<div class=\"elementor-widget-container\">\n\t\t\t\t\t\t\t\t\t<p><strong data-start=\"37\" data-end=\"67\">Intelligente Technologien:<\/strong> Von automatischen Bew\u00e4sserungssystemen bis hin zu smarter Beleuchtung spielt Technologie eine immer gr\u00f6\u00dfere Rolle bei der effizienten Verwaltung und Pflege von G\u00e4rten und Parks. Besucher k\u00f6nnen die neuesten Innovationen entdecken, die die Bewirtschaftung gr\u00fcner R\u00e4ume vereinfachen und verbessern.<\/p>\n\t\t\t\t\t\t\t\t<\/div>\n\t\t\t\t<\/div>\n\t\t\t\t\t<\/div>\n\t\t<\/div>\n\t\t\t\t\t<\/div>\n\t\t<\/section>\n\t\t\t\t<section class=\"elementor-section elementor-top-section elementor-element elementor-element-162a110 elementor-section-boxed elementor-section-height-default elementor-section-height-default\" data-id=\"162a110\" data-element_type=\"section\" data-settings=\"{&quot;background_background&quot;:&quot;gradient&quot;}\">\n\t\t\t\t\t\t<div class=\"elementor-container elementor-column-gap-default\">\n\t\t\t\t\t<div class=\"elementor-column elementor-col-100 elementor-top-column elementor-element elementor-element-8f4c78a\" data-id=\"8f4c78a\" data-element_type=\"column\">\n\t\t\t<div class=\"elementor-widget-wrap elementor-element-populated\">\n\t\t\t\t\t\t<div class=\"elementor-element elementor-element-9fe19c0 elementor-widget elementor-widget-heading\" data-id=\"9fe19c0\" data-element_type=\"widget\" data-widget_type=\"heading.default\">\n\t\t\t\t<div class=\"elementor-widget-container\">\n\t\t\t\t\t<h2 class=\"elementor-heading-title elementor-size-default\">Nationaler G\u00e4rtnerwettbewerb<\/h2>\t\t\t\t<\/div>\n\t\t\t\t<\/div>\n\t\t\t\t\t<\/div>\n\t\t<\/div>\n\t\t\t\t\t<\/div>\n\t\t<\/section>\n\t\t\t\t<section class=\"elementor-section elementor-top-section elementor-element elementor-element-4a87a38 elementor-section-boxed elementor-section-height-default elementor-section-height-default\" data-id=\"4a87a38\" data-element_type=\"section\">\n\t\t\t\t\t\t<div class=\"elementor-container elementor-column-gap-default\">\n\t\t\t\t\t<div class=\"elementor-column elementor-col-100 elementor-top-column elementor-element elementor-element-b93c5a7\" data-id=\"b93c5a7\" data-element_type=\"column\">\n\t\t\t<div class=\"elementor-widget-wrap elementor-element-populated\">\n\t\t\t\t\t\t<div class=\"elementor-element elementor-element-6df6202 elementor-widget elementor-widget-text-editor\" data-id=\"6df6202\" data-element_type=\"widget\" data-widget_type=\"text-editor.default\">\n\t\t\t\t<div class=\"elementor-widget-container\">\n\t\t\t\t\t\t\t\t\t<p data-start=\"37\" data-end=\"419\">W\u00e4hrend der <strong data-start=\"49\" data-end=\"83\">De Groene Sector Vakbeurs 2026<\/strong> wird erneut der <strong data-start=\"100\" data-end=\"132\">Nationale Wettbewerb G\u00e4rtner<\/strong> veranstaltet. Im Jahr 2025 traten Teams von Aeres MBO, Scalda, Vonk und Curio Breda gegeneinander an. In nur drei Tagen verwandelten sie einen leeren Raum in komplette G\u00e4rten \u2013 mit Kreativit\u00e4t, handwerklichem K\u00f6nnen und innovativen L\u00f6sungen, die das Publikum nachhaltig beeindruckten.<\/p>\n<p><\/p>\n<p data-start=\"421\" data-end=\"670\">Auch 2026 zeigen junge G\u00e4rtnerinnen und G\u00e4rtner in Ausbildung, was sie draufhaben. Innerhalb von drei Tagen legen die Teams erneut einen vollst\u00e4ndigen Garten an und ber\u00fccksichtigen dabei die neuesten Innovationen sowie aktuelle Themen der Branche.<\/p>\n<p><\/p>\n<p data-start=\"672\" data-end=\"837\">Ein inspirierender Moment, um live zu erleben, wie die neue Generation die Zukunft der Garten- und Parkgestaltung gestaltet. Komm vorbei und lass dich inspirieren!<\/p>\n<p><\/p>\n<p data-start=\"839\" data-end=\"901\">\ud83d\udcc5 13., 14. &amp; 15. Januar 2026<br data-start=\"868\" data-end=\"871\" \/>\ud83d\udccd Evenementenhal Hardenberg<\/p>\n\t\t\t\t\t\t\t\t<\/div>\n\t\t\t\t<\/div>\n\t\t\t\t<div class=\"elementor-element elementor-element-255abc2 elementor-arrows-position-outside elementor-pagination-position-outside elementor-widget elementor-widget-image-carousel\" data-id=\"255abc2\" data-element_type=\"widget\" data-settings=\"{&quot;slides_to_show&quot;:&quot;3&quot;,&quot;navigation&quot;:&quot;both&quot;,&quot;autoplay&quot;:&quot;yes&quot;,&quot;pause_on_hover&quot;:&quot;yes&quot;,&quot;pause_on_interaction&quot;:&quot;yes&quot;,&quot;autoplay_speed&quot;:5000,&quot;infinite&quot;:&quot;yes&quot;,&quot;speed&quot;:500,&quot;image_spacing_custom&quot;:{&quot;unit&quot;:&quot;px&quot;,&quot;size&quot;:20,&quot;sizes&quot;:[]},&quot;image_spacing_custom_tablet&quot;:{&quot;unit&quot;:&quot;px&quot;,&quot;size&quot;:&quot;&quot;,&quot;sizes&quot;:[]},&quot;image_spacing_custom_mobile&quot;:{&quot;unit&quot;:&quot;px&quot;,&quot;size&quot;:&quot;&quot;,&quot;sizes&quot;:[]}}\" data-widget_type=\"image-carousel.default\">\n\t\t\t\t<div class=\"elementor-widget-container\">\n\t\t\t\t\t\t\t<div class=\"elementor-image-carousel-wrapper swiper\" role=\"region\" aria-roledescription=\"carousel\" aria-label=\"Carrousel afbeelding\" dir=\"ltr\">\n\t\t\t<div class=\"elementor-image-carousel swiper-wrapper\" aria-live=\"off\">\n\t\t\t\t\t\t\t\t<div class=\"swiper-slide\" role=\"group\" aria-roledescription=\"slide\" aria-label=\"1 of 10\"><figure class=\"swiper-slide-inner\"><img decoding=\"async\" class=\"swiper-slide-image\" src=\"https:\/\/easyfairsassets.com\/sites\/145\/2025\/09\/20250109_180554_GroeneSectorVB_KevinvlPhotography_DS203205-Enhanced-NR-LR.jpg\" alt=\"20250109_180554_GroeneSectorVB_KevinvlPhotography_DS203205-Enhanced-NR-LR\" \/><\/figure><\/div><div class=\"swiper-slide\" role=\"group\" aria-roledescription=\"slide\" aria-label=\"2 of 10\"><figure class=\"swiper-slide-inner\"><img decoding=\"async\" class=\"swiper-slide-image\" src=\"https:\/\/easyfairsassets.com\/sites\/145\/2025\/09\/20250109_173856_GroeneSectorVB_KevinvlPhotography_DS203178-Enhanced-NR-LR.jpg\" alt=\"20250109_173856_GroeneSectorVB_KevinvlPhotography_DS203178-Enhanced-NR-LR\" \/><\/figure><\/div><div class=\"swiper-slide\" role=\"group\" aria-roledescription=\"slide\" aria-label=\"3 of 10\"><figure class=\"swiper-slide-inner\"><img decoding=\"async\" class=\"swiper-slide-image\" src=\"https:\/\/easyfairsassets.com\/sites\/145\/2025\/09\/20250109_175827_GroeneSectorVB_KevinvlPhotography_DSC05067-Enhanced-NR-LR.jpg\" alt=\"20250109_175827_GroeneSectorVB_KevinvlPhotography_DSC05067-Enhanced-NR-LR\" \/><\/figure><\/div><div class=\"swiper-slide\" role=\"group\" aria-roledescription=\"slide\" aria-label=\"4 of 10\"><figure class=\"swiper-slide-inner\"><img decoding=\"async\" class=\"swiper-slide-image\" src=\"https:\/\/easyfairsassets.com\/sites\/145\/2025\/09\/20250109_174059_GroeneSectorVB_KevinvlPhotography_DS203188-Enhanced-NR-LR.jpg\" alt=\"20250109_174059_GroeneSectorVB_KevinvlPhotography_DS203188-Enhanced-NR-LR\" \/><\/figure><\/div><div class=\"swiper-slide\" role=\"group\" aria-roledescription=\"slide\" aria-label=\"5 of 10\"><figure class=\"swiper-slide-inner\"><img decoding=\"async\" class=\"swiper-slide-image\" src=\"https:\/\/easyfairsassets.com\/sites\/145\/2025\/09\/20250109_175948_GroeneSectorVB_KevinvlPhotography_DSC05075-Enhanced-NR-LR.jpg\" alt=\"20250109_175948_GroeneSectorVB_KevinvlPhotography_DSC05075-Enhanced-NR-LR\" \/><\/figure><\/div><div class=\"swiper-slide\" role=\"group\" aria-roledescription=\"slide\" aria-label=\"6 of 10\"><figure class=\"swiper-slide-inner\"><img decoding=\"async\" class=\"swiper-slide-image\" src=\"https:\/\/easyfairsassets.com\/sites\/145\/2025\/09\/20250109_202553_GroeneSectorVB_KevinvlPhotography_DSC05655-Enhanced-NR-LR.jpg\" alt=\"20250109_202553_GroeneSectorVB_KevinvlPhotography_DSC05655-Enhanced-NR-LR\" \/><\/figure><\/div><div class=\"swiper-slide\" role=\"group\" aria-roledescription=\"slide\" aria-label=\"7 of 10\"><figure class=\"swiper-slide-inner\"><img decoding=\"async\" class=\"swiper-slide-image\" src=\"https:\/\/easyfairsassets.com\/sites\/145\/2025\/09\/20250109_205244_GroeneSectorVB_KevinvlPhotography_DSC05698-Enhanced-NR-LR.jpg\" alt=\"20250109_205244_GroeneSectorVB_KevinvlPhotography_DSC05698-Enhanced-NR-LR\" \/><\/figure><\/div><div class=\"swiper-slide\" role=\"group\" aria-roledescription=\"slide\" aria-label=\"8 of 10\"><figure class=\"swiper-slide-inner\"><img decoding=\"async\" class=\"swiper-slide-image\" src=\"https:\/\/easyfairsassets.com\/sites\/145\/2025\/09\/20250109_211402_GroeneSectorVB_KevinvlPhotography_DSC05869-Enhanced-NR-LR.jpg\" alt=\"20250109_211402_GroeneSectorVB_KevinvlPhotography_DSC05869-Enhanced-NR-LR\" \/><\/figure><\/div><div class=\"swiper-slide\" role=\"group\" aria-roledescription=\"slide\" aria-label=\"9 of 10\"><figure class=\"swiper-slide-inner\"><img decoding=\"async\" class=\"swiper-slide-image\" src=\"https:\/\/easyfairsassets.com\/sites\/145\/2025\/09\/20250109_211517_GroeneSectorVB_KevinvlPhotography_DS203648-Enhanced-NR-LR.jpg\" alt=\"20250109_211517_GroeneSectorVB_KevinvlPhotography_DS203648-Enhanced-NR-LR\" \/><\/figure><\/div><div class=\"swiper-slide\" role=\"group\" aria-roledescription=\"slide\" aria-label=\"10 of 10\"><figure class=\"swiper-slide-inner\"><img decoding=\"async\" class=\"swiper-slide-image\" src=\"https:\/\/easyfairsassets.com\/sites\/145\/2025\/09\/20250109_211750_GroeneSectorVB_KevinvlPhotography_DSC05917-Enhanced-NR-LR.jpg\" alt=\"20250109_211750_GroeneSectorVB_KevinvlPhotography_DSC05917-Enhanced-NR-LR\" \/><\/figure><\/div>\t\t\t<\/div>\n\t\t\t\t\t\t\t\t\t\t\t\t<div class=\"elementor-swiper-button elementor-swiper-button-prev\" role=\"button\" tabindex=\"0\">\n\t\t\t\t\t\t<i aria-hidden=\"true\" class=\"eicon-chevron-left\"><\/i>\t\t\t\t\t<\/div>\n\t\t\t\t\t<div class=\"elementor-swiper-button elementor-swiper-button-next\" role=\"button\" tabindex=\"0\">\n\t\t\t\t\t\t<i aria-hidden=\"true\" class=\"eicon-chevron-right\"><\/i>\t\t\t\t\t<\/div>\n\t\t\t\t\n\t\t\t\t\t\t\t\t\t<div class=\"swiper-pagination\"><\/div>\n\t\t\t\t\t\t\t\t\t<\/div>\n\t\t\t\t\t\t<\/div>\n\t\t\t\t<\/div>\n\t\t\t\t\t<\/div>\n\t\t<\/div>\n\t\t\t\t\t<\/div>\n\t\t<\/section>\n\t\t\t\t<section class=\"elementor-section elementor-top-section elementor-element elementor-element-d9d0f8b elementor-section-boxed elementor-section-height-default elementor-section-height-default\" data-id=\"d9d0f8b\" data-element_type=\"section\" data-settings=\"{&quot;background_background&quot;:&quot;gradient&quot;}\">\n\t\t\t\t\t\t<div class=\"elementor-container elementor-column-gap-default\">\n\t\t\t\t\t<div class=\"elementor-column elementor-col-100 elementor-top-column elementor-element elementor-element-a40fd63\" data-id=\"a40fd63\" data-element_type=\"column\">\n\t\t\t<div class=\"elementor-widget-wrap elementor-element-populated\">\n\t\t\t\t\t\t<div class=\"elementor-element elementor-element-efad152 elementor-widget elementor-widget-heading\" data-id=\"efad152\" data-element_type=\"widget\" data-widget_type=\"heading.default\">\n\t\t\t\t<div class=\"elementor-widget-container\">\n\t\t\t\t\t<h2 class=\"elementor-heading-title elementor-size-default\">Wissenssession &amp; Podiumsgespr\u00e4ch<\/h2>\t\t\t\t<\/div>\n\t\t\t\t<\/div>\n\t\t\t\t\t<\/div>\n\t\t<\/div>\n\t\t\t\t\t<\/div>\n\t\t<\/section>\n\t\t\t\t<section class=\"elementor-section elementor-top-section elementor-element elementor-element-e4d49ce elementor-section-boxed elementor-section-height-default elementor-section-height-default\" data-id=\"e4d49ce\" data-element_type=\"section\">\n\t\t\t\t\t\t<div class=\"elementor-container elementor-column-gap-default\">\n\t\t\t\t\t<div class=\"elementor-column elementor-col-50 elementor-top-column elementor-element elementor-element-5745454\" data-id=\"5745454\" data-element_type=\"column\">\n\t\t\t<div class=\"elementor-widget-wrap elementor-element-populated\">\n\t\t\t\t\t\t<div class=\"elementor-element elementor-element-6845031 elementor-widget elementor-widget-text-editor\" data-id=\"6845031\" data-element_type=\"widget\" data-widget_type=\"text-editor.default\">\n\t\t\t\t<div class=\"elementor-widget-container\">\n\t\t\t\t\t\t\t\t\t<p data-start=\"37\" data-end=\"226\">Das <strong data-start=\"41\" data-end=\"82\">Hauptthema Garten- und Parkgestaltung<\/strong> dreht sich um das Gr\u00fcn von morgen: Wie entwerfen und pflegen wir G\u00e4rten und Parks auf eine Weise, die nachhaltig, innovativ und naturnah ist?<\/p>\n<p><\/p>\n<p data-start=\"228\" data-end=\"577\">W\u00e4hrend der Ausgabe 2025 stand dieses Thema im Mittelpunkt der Wissenssession von Nico Wissing, in der er seine Vision zum naturnahen Gestalten teilte. Anschlie\u00dfend folgte ein Podiumsgespr\u00e4ch mit Expertinnen und Experten aus der Branche. Gemeinsam diskutierten sie die Chancen und Herausforderungen einer naturnahen Gestaltung unserer Lebensr\u00e4ume.<\/p>\n<p><\/p>\n<p data-start=\"579\" data-end=\"907\">Auch bei der Ausgabe 2026 wird dieses Thema wieder prominent vertreten sein. In einem inspirierenden Gespr\u00e4ch mit Expertinnen und Experten wird erneut auf aktuelle Fragestellungen in der Garten- und Parkgestaltung eingegangen, wie Biodiversit\u00e4t, Klimaanpassung und zirkul\u00e4res Design. Das Programm wird in K\u00fcrze bekanntgegeben.<\/p>\n<p><\/p>\n<p data-start=\"909\" data-end=\"985\">Sieh dir die Wissenssession &amp; das Podiumsgespr\u00e4ch von 2025 noch einmal an.<\/p>\n\t\t\t\t\t\t\t\t<\/div>\n\t\t\t\t<\/div>\n\t\t\t\t\t<\/div>\n\t\t<\/div>\n\t\t\t\t<div class=\"elementor-column elementor-col-50 elementor-top-column elementor-element elementor-element-d9d1119\" data-id=\"d9d1119\" data-element_type=\"column\">\n\t\t\t<div class=\"elementor-widget-wrap elementor-element-populated\">\n\t\t\t\t\t\t<div class=\"elementor-element elementor-element-cc125ad elementor-widget elementor-widget-video\" data-id=\"cc125ad\" data-element_type=\"widget\" data-settings=\"{&quot;youtube_url&quot;:&quot;https:\\\/\\\/youtu.be\\\/h4Lnxq6-WfI&quot;,&quot;video_type&quot;:&quot;youtube&quot;,&quot;controls&quot;:&quot;yes&quot;}\" data-widget_type=\"video.default\">\n\t\t\t\t<div class=\"elementor-widget-container\">\n\t\t\t\t\t\t\t<div class=\"elementor-wrapper elementor-open-inline\">\n\t\t\t<div class=\"elementor-video\"><\/div>\t\t<\/div>\n\t\t\t\t\t\t<\/div>\n\t\t\t\t<\/div>\n\t\t\t\t\t<\/div>\n\t\t<\/div>\n\t\t\t\t\t<\/div>\n\t\t<\/section>\n\t\t\t\t<section class=\"elementor-section elementor-top-section elementor-element elementor-element-2285205f elementor-hidden-desktop elementor-hidden-tablet elementor-hidden-mobile elementor-section-boxed elementor-section-height-default elementor-section-height-default\" data-id=\"2285205f\" data-element_type=\"section\">\n\t\t\t\t\t\t<div class=\"elementor-container elementor-column-gap-default\">\n\t\t\t\t\t<div class=\"elementor-column elementor-col-100 elementor-top-column elementor-element elementor-element-4b768070\" data-id=\"4b768070\" data-element_type=\"column\">\n\t\t\t<div class=\"elementor-widget-wrap elementor-element-populated\">\n\t\t\t\t\t\t<div class=\"elementor-element elementor-element-61c95ccf elementor-widget-divider--view-line elementor-widget elementor-widget-divider\" data-id=\"61c95ccf\" data-element_type=\"widget\" data-widget_type=\"divider.default\">\n\t\t\t\t<div class=\"elementor-widget-container\">\n\t\t\t\t\t\t\t<div class=\"elementor-divider\">\n\t\t\t<span class=\"elementor-divider-separator\">\n\t\t\t\t\t\t<\/span>\n\t\t<\/div>\n\t\t\t\t\t\t<\/div>\n\t\t\t\t<\/div>\n\t\t\t\t<div class=\"elementor-element elementor-element-1b08aedf elementor-widget elementor-widget-heading\" data-id=\"1b08aedf\" data-element_type=\"widget\" data-widget_type=\"heading.default\">\n\t\t\t\t<div class=\"elementor-widget-container\">\n\t\t\t\t\t<h2 class=\"elementor-heading-title elementor-size-default\">Aussteller Garten- und Parkgestaltung<\/h2>\t\t\t\t<\/div>\n\t\t\t\t<\/div>\n\t\t\t\t<div class=\"elementor-element elementor-element-5f8fb49e elementor-widget elementor-widget-text-editor\" data-id=\"5f8fb49e\" data-element_type=\"widget\" data-widget_type=\"text-editor.default\">\n\t\t\t\t<div class=\"elementor-widget-container\">\n\t\t\t\t\t\t\t\t\t<p>Egal, ob du Profi im Gr\u00fcnbereich bist, als Mitarbeiter einer Gemeinde f\u00fcr die Pflege \u00f6ffentlicher R\u00e4ume verantwortlich bist oder einfach ein Gr\u00fcnliebhaber \u2013 die <strong data-start=\"198\" data-end=\"227\">De Groene Sector Vakbeurs<\/strong> bietet eine einzigartige Gelegenheit, sich inspirieren zu lassen, Wissen zu teilen und gemeinsam an einer gr\u00fcneren Zukunft zu arbeiten.<\/p>\n\t\t\t\t\t\t\t\t<\/div>\n\t\t\t\t<\/div>\n\t\t\t\t<section class=\"elementor-section elementor-inner-section elementor-element elementor-element-64647424 elementor-section-boxed elementor-section-height-default elementor-section-height-default\" data-id=\"64647424\" data-element_type=\"section\">\n\t\t\t\t\t\t<div class=\"elementor-container elementor-column-gap-default\">\n\t\t\t\t\t<div class=\"elementor-column elementor-col-20 elementor-inner-column elementor-element elementor-element-18cdfc1e\" data-id=\"18cdfc1e\" data-element_type=\"column\">\n\t\t\t<div class=\"elementor-widget-wrap\">\n\t\t\t\t\t\t\t<\/div>\n\t\t<\/div>\n\t\t\t\t<div class=\"elementor-column elementor-col-20 elementor-inner-column elementor-element elementor-element-5461d3f\" data-id=\"5461d3f\" data-element_type=\"column\">\n\t\t\t<div class=\"elementor-widget-wrap\">\n\t\t\t\t\t\t\t<\/div>\n\t\t<\/div>\n\t\t\t\t<div class=\"elementor-column elementor-col-20 elementor-inner-column elementor-element elementor-element-363a17c5\" data-id=\"363a17c5\" data-element_type=\"column\">\n\t\t\t<div class=\"elementor-widget-wrap\">\n\t\t\t\t\t\t\t<\/div>\n\t\t<\/div>\n\t\t\t\t<div class=\"elementor-column elementor-col-20 elementor-inner-column elementor-element elementor-element-7373287\" data-id=\"7373287\" data-element_type=\"column\">\n\t\t\t<div class=\"elementor-widget-wrap\">\n\t\t\t\t\t\t\t<\/div>\n\t\t<\/div>\n\t\t\t\t<div class=\"elementor-column elementor-col-20 elementor-inner-column elementor-element elementor-element-2589fa47\" data-id=\"2589fa47\" data-element_type=\"column\">\n\t\t\t<div class=\"elementor-widget-wrap\">\n\t\t\t\t\t\t\t<\/div>\n\t\t<\/div>\n\t\t\t\t\t<\/div>\n\t\t<\/section>\n\t\t\t\t\t<\/div>\n\t\t<\/div>\n\t\t\t\t\t<\/div>\n\t\t<\/section>\n\t\t\t\t<section class=\"elementor-section elementor-top-section elementor-element elementor-element-7d1736f6 elementor-section-boxed elementor-section-height-default elementor-section-height-default\" data-id=\"7d1736f6\" data-element_type=\"section\">\n\t\t\t\t\t\t<div class=\"elementor-container elementor-column-gap-default\">\n\t\t\t\t\t\t<\/div>\n\t\t<\/section>\n\t\t\t\t<section class=\"elementor-section elementor-top-section elementor-element elementor-element-9da1eb elementor-section-boxed elementor-section-height-default elementor-section-height-default\" data-id=\"9da1eb\" data-element_type=\"section\">\n\t\t\t\t\t\t<div class=\"elementor-container elementor-column-gap-default\">\n\t\t\t\t\t<div class=\"elementor-column elementor-col-100 elementor-top-column elementor-element elementor-element-1f3752aa\" data-id=\"1f3752aa\" data-element_type=\"column\">\n\t\t\t<div class=\"elementor-widget-wrap\">\n\t\t\t\t\t\t\t<\/div>\n\t\t<\/div>\n\t\t\t\t\t<\/div>\n\t\t<\/section>\n\t\t\t\t<\/div>\n\t\t","protected":false},"excerpt":{"rendered":"<p>Hauptthema: Garten- und Parkgestaltung Hauptthema: Garten- und Parkgestaltung In einer Welt, in der Gr\u00fcn immer mehr gesch\u00e4tzt wird, ist der Bedarf an durchdachter und inspirierender Garten- und Parkgestaltung gr\u00f6\u00dfer denn je. Ob st\u00e4dtisches Gr\u00fcn, private G\u00e4rten oder \u00f6ffentliche Parks \u2013 die Gestaltung unserer Au\u00dfenr\u00e4ume tr\u00e4gt entscheidend zu unserem Wohlbefinden und zur Lebensqualit\u00e4t bei. F\u00fcr dich [&hellip;]<\/p>\n","protected":false},"author":300,"featured_media":0,"parent":0,"menu_order":0,"comment_status":"closed","ping_status":"closed","template":"","meta":{"_seopress_robots_primary_cat":"","_seopress_titles_title":"Garten- und Parkgestaltung | De Groene Sector Vakbeurs 2026","_seopress_titles_desc":"W\u00e4hrend der De Groene Sector Vakbeurs haben die Besucher die M\u00f6glichkeit, eine breite Palette an Ausstellern kennenzulernen, die die neuesten Produkte, Technologien und Dienstleistungen im Bereich Garten- und Parkgestaltung pr\u00e4sentieren.","_seopress_robots_index":"","_improvement_type_select":"improve_an_existing","_thumb_yes_seoaic":false,"_frame_yes_seoaic":false,"seoaic_generate_description":"","seoaic_improve_instructions_prompt":"","seoaic_rollback_content_improvement":"","seoaic_idea_thumbnail_generator":"","thumbnail_generated":false,"thumbnail_generate_prompt":"","seoaic_article_description":"","footnotes":""},"class_list":["post-158892","page","type-page","status-publish","hentry"],"_links":{"self":[{"href":"https:\/\/www.groenesector.nl\/wp-json\/wp\/v2\/pages\/158892","targetHints":{"allow":["GET"]}}],"collection":[{"href":"https:\/\/www.groenesector.nl\/wp-json\/wp\/v2\/pages"}],"about":[{"href":"https:\/\/www.groenesector.nl\/wp-json\/wp\/v2\/types\/page"}],"author":[{"embeddable":true,"href":"https:\/\/www.groenesector.nl\/wp-json\/wp\/v2\/users\/300"}],"replies":[{"embeddable":true,"href":"https:\/\/www.groenesector.nl\/wp-json\/wp\/v2\/comments?post=158892"}],"version-history":[{"count":1,"href":"https:\/\/www.groenesector.nl\/wp-json\/wp\/v2\/pages\/158892\/revisions"}],"predecessor-version":[{"id":158893,"href":"https:\/\/www.groenesector.nl\/wp-json\/wp\/v2\/pages\/158892\/revisions\/158893"}],"wp:attachment":[{"href":"https:\/\/www.groenesector.nl\/wp-json\/wp\/v2\/media?parent=158892"}],"curies":[{"name":"wp","href":"https:\/\/api.w.org\/{rel}","templated":true}]}}